{"id":208,"date":"2014-02-28T12:16:14","date_gmt":"2014-02-28T11:16:14","guid":{"rendered":"http:\/\/www.iglikachristova.com\/v2\/?page_id=208"},"modified":"2023-07-28T17:20:04","modified_gmt":"2023-07-28T16:20:04","slug":"bienvenue","status":"publish","type":"page","link":"https:\/\/www.iglika-christova.com\/v2\/","title":{"rendered":"Bienvenue"},"content":{"rendered":"<p><span style=\"color: #000000;\"><div id=\"metaslider-id-2543\" style=\"width: 100%;\" class=\"ml-slider-3-91-0 metaslider metaslider-flex metaslider-2543 ml-slider ms-theme-default\" role=\"region\" aria-roledescription=\"Slideshow\" aria-label=\"New Slideshow\">\n    <div id=\"metaslider_container_2543\">\n        <div id=\"metaslider_2543\">\n            <ul class='slides'>\n                <li style=\"display: block; width: 100%;\" class=\"slide-2544 ms-image \" aria-roledescription=\"slide\" aria-label=\"slide-2544\"><img loading=\"lazy\" decoding=\"async\" src=\"https:\/\/www.iglika-christova.com\/v2\/wp-content\/uploads\/2020\/01\/image-home_3_microscopie-700x300.jpg\" height=\"300\" width=\"700\" alt=\"\" class=\"slider-2543 slide-2544\" title=\"image-home_3_microscopie\" \/><\/li>\n            <\/ul>\n        <\/div>\n        \n    <\/div>\n<\/div><\/span><br \/>\n<span style=\"color: #808000;\"><strong>ACTUALIT\u00c9\u00a0<\/strong><\/span><\/p>\n<p><strong>MICRO-COSMOS | <\/strong>EXPOSITION PERSONELLE\u00a0 | <strong><span style=\"color: #808000;\">Du 2 au 20 octobre 2023<\/span> | <span style=\"color: #808000;\">Vernissage 2 oct. \u00e0 partir de 19 h<\/span> | <\/strong>Commissariat : <strong>Marie-Laure Desjardins\u00a0 \u00a0<\/strong><strong><span style=\"color: #808000;\"><a style=\"color: #808000;\" href=\"https:\/\/www.patronagelaique.eu\/event-details\/micro-cosmos\">Patronage la\u00efque Jules Vall\u00e8s\u00a0<\/a> <\/span>| <\/strong>Entr\u00e9e libre, 72 Av. F\u00e9lix Faure, 75015 Paris, France<\/p>\n<p><span style=\"color: #808000;\"><b style=\"font-size: inherit;\">_______________________________________________________________________________________________________________________________<\/b><\/span><\/p>\n<p><strong>GATEWAY I\u00a0 | <\/strong>EXHIBITION COLLECTIVE<strong> | <span style=\"color: #808000;\">20 juillet \u2013 30 ao\u00fbt 2023\u00a0<\/span> \u00a0\u00a0<\/strong>\u00a0 \u00a0 \u00a0 \u00a0 \u00a0 \u00a0 \u00a0 \u00a0 \u00a0 \u00a0 \u00a0 \u00a0 \u00a0 \u00a0 \u00a0 \u00a0 \u00a0 \u00a0 \u00a0 \u00a0 \u00a0 \u00a0 \u00a0 \u00a0 \u00a0 \u00a0 \u00a0 \u00a0 \u00a0 \u00a0 \u00a0 \u00a0 \u00a0 \u00a0 \u00a0 \u00a0 \u00a0 \u00a0 \u00a0 \u00a0 \u00a0 \u00a0 \u00a0 \u00a0 \u00a0 \u00a0 \u00a0 <strong>\u00a0 \u00a0\u00a0<\/strong> \u00a0 \u00a0 \u00a0 \u00a0 \u00a0 \u00a0 \u00a0 \u00a0 \u00a0 \u00a0 \u00a0 \u00a0 \u00a0 \u00a0 \u00a0 <span style=\"color: #808000;\"><a style=\"color: #808000;\" href=\"https:\/\/host.gallery\/\">HOSTGALLERY<\/a><\/span>\u00a0 <strong>|<\/strong> Entr\u00e9e libre, 102 I. E. Geshov Blv., 1612 Sofia, Bulgaria \u00a0 \u00a0 \u00a0 \u00a0 \u00a0 \u00a0 \u00a0 \u00a0 \u00a0 \u00a0 \u00a0 \u00a0 \u00a0 \u00a0 \u00a0 \u00a0 \u00a0 \u00a0 \u00a0 \u00a0 \u00a0 \u00a0 \u00a0 \u00a0 \u00a0 \u00a0 \u00a0 \u00a0 \u00a0 \u00a0 \u00a0 \u00a0 \u00a0 \u00a0 \u00a0 \u00a0 \u00a0 \u00a0 \u00a0 \u00a0 \u00a0 \u00a0 \u00a0 \u00a0 \u00a0 \u00a0 \u00a0 \u00a0 \u00a0 <span style=\"color: #808000;\"><b style=\"font-size: inherit;\">_______________________________________________________________________________________________________________________________<\/b><\/span><\/p>\n<div style=\"width: 213px\" class=\"wp-caption alignright\"><img loading=\"lazy\" decoding=\"async\" title=\"Nature-vivante, 2022, \u0153uvre \u00e9volutive.\" src=\"https:\/\/www.iglikachristova.com\/v2\/wp-content\/uploads\/2022\/08\/DSC00972-225x300.jpg\" alt=\"\" width=\"203\" height=\"270\" \/><p class=\"wp-caption-text\">Iglika Christova, <em>Nature-vivante<\/em>, 2022, \u0153uvre \u00e9volutive, 43 x 17 x 25 cm, gypse, biocomposites organiques, agar-agar, culture de micro-organisme.<\/p><\/div>\n<p><strong>AU COURS DE L&rsquo;ANN\u00c9E \u00c9COUL\u00c9E &#8211; <span style=\"font-size: inherit;\">Commissariat : Nadezhda Dzhakova, Boryana Valchanova, Diana Draganova-Stier, Martina Yordanova, Nikolay Ushtavaliiski, Yana Bratanova et Iara Boubnova<\/span><\/strong><\/p>\n<ul>\n<li><a href=\"https:\/\/nationalgallery.bg\/exhibitions\/over-the-past-year\/\"><strong>Exposition collective\u00a0<\/strong><\/a><\/li>\n<li><span style=\"color: #808000;\"><strong>Du 7 juillet au 4 septembre 2022<\/strong><\/span><\/li>\n<\/ul>\n<p><strong>LA GALERIE NATIONALE SOFIA ARSENAL &#8211; MUS\u00c9E D&rsquo;ART CONTEMPORAIN SAMCA, 2, boulevard Cherni Vrah, Sofia.<\/strong><\/p>\n<p>L&rsquo;exposition rassemble des \u0153uvres des artistes Adelina Popnedeleva, Aksiniya Peycheva, Boris Dalchev, Vitto Valentinov, Galab Galabov, J. PANK, Iglika Christova, Kalin Serapionov, Kamen Starchev, Krasimir Karabadzhakov, Lubri, Lyudmil Lazarov, Maria Nalbantova, Martin Atanassov, Mihaela Dobreva, Radostin Sedevchev, RASSIM\u00ae, Sasho Stoitzov, Stanimir Genov, Stoyan Iliev, Filip Popoff et Yuliy Takov.<\/p>\n<p><span style=\"color: #808000;\"><b style=\"font-size: inherit;\">_________________________________________________________________________________________________________________________________<\/b><\/span><\/p>\n<p><span style=\"color: #808000;\"><em>&#8212;) \u00c9v\u00e9nements pass\u00e9s<\/em><\/span><\/p>\n<p><strong><span style=\"color: #000000;\"><b><img loading=\"lazy\" decoding=\"async\" class=\"wp-image-2441 alignleft\" src=\"https:\/\/www.iglikachristova.com\/v2\/wp-content\/uploads\/2014\/02\/Capture-d\u2019\u00e9cran-2019-02-06-\u00e0-16.41.59.png\" alt=\"\" width=\"287\" height=\"286\" srcset=\"https:\/\/www.iglika-christova.com\/v2\/wp-content\/uploads\/2014\/02\/Capture-d\u2019\u00e9cran-2019-02-06-\u00e0-16.41.59.png 742w, https:\/\/www.iglika-christova.com\/v2\/wp-content\/uploads\/2014\/02\/Capture-d\u2019\u00e9cran-2019-02-06-\u00e0-16.41.59-150x150.png 150w, https:\/\/www.iglika-christova.com\/v2\/wp-content\/uploads\/2014\/02\/Capture-d\u2019\u00e9cran-2019-02-06-\u00e0-16.41.59-300x298.png 300w, https:\/\/www.iglika-christova.com\/v2\/wp-content\/uploads\/2014\/02\/Capture-d\u2019\u00e9cran-2019-02-06-\u00e0-16.41.59-480x477.png 480w, https:\/\/www.iglika-christova.com\/v2\/wp-content\/uploads\/2014\/02\/Capture-d\u2019\u00e9cran-2019-02-06-\u00e0-16.41.59-60x60.png 60w\" sizes=\"(max-width: 287px) 100vw, 287px\" \/><\/b><\/span><\/strong><\/p>\n<p><strong>Le Voyage des arbres &#8211; <span style=\"font-size: inherit;\">Commissariat : Thierry Grillet<\/span><\/strong><\/p>\n<ul>\n<li><strong>Exposition collective\u00a0<\/strong><\/li>\n<li><span style=\"color: #808000;\"><strong><span style=\"font-size: inherit;\">Du 19 mars 2022 au 05 juin 2022 <\/span><\/strong><\/span><\/li>\n<\/ul>\n<p><strong><span style=\"font-size: inherit;\">Salle d&rsquo;exposition temporaire du mus\u00e9e des Franciscaines <\/span><\/strong><\/p>\n<p>145b Av. de la R\u00e9publique, 14800 Deauville, France<\/p>\n<p><span style=\"color: #808000;\"><b style=\"font-size: inherit;\">_________________________________________________________________________________________________________________________________<\/b><\/span><\/p>\n<p><b><span lang=\"BG\">LOOK \u2013 Ecology and Technology &#8211; <strong><span style=\"font-size: inherit;\">Commissariat : Rositsa Getsova<\/span><\/strong><\/span><\/b><\/p>\n<ul>\n<li><strong>Exposition collective\u00a0<\/strong><\/li>\n<li><span style=\"color: #808000;\"><strong><span style=\"font-size: inherit;\">Du 31 au 24 avril 2022<\/span><\/strong><\/span><\/li>\n<li><span lang=\"BG\">Galerie <b>LITTLE BIRD PLACE <\/b>&#8211; <\/span><span lang=\"BG\">ul. \u00ab\u00a011-ti avgust\u00a0\u00bb 7, 1000 Sofia Center, Sofia<\/span><\/li>\n<\/ul>\n<p>Parcours d&rsquo;art contemporain dans les galeries :\u00a0 <strong>AROSITA, DEPOO, LITTLE BIRD PLACE<\/strong>\u00a0 \u00e0 Sofia, Bulgarie<\/p>\n<p><span style=\"color: #000000;\">Artistes : Iglika Christova, Eva Davidova, Elisabeth Thallauer,\u00a0 Sofia Grantcharova, Sacho Stoitchov.\u00a0<\/span><\/p>\n<p><span style=\"color: #808000;\"><b style=\"font-size: inherit;\">_________________________________________________________________________________________________________________________________<\/b><\/span><\/p>\n<p><img loading=\"lazy\" decoding=\"async\" class=\"wp-image-2669 alignleft\" src=\"https:\/\/www.iglikachristova.com\/v2\/wp-content\/uploads\/2021\/11\/DSC00225.jpg\" alt=\"\" width=\"311\" height=\"234\" srcset=\"https:\/\/www.iglika-christova.com\/v2\/wp-content\/uploads\/2021\/11\/DSC00225.jpg 787w, https:\/\/www.iglika-christova.com\/v2\/wp-content\/uploads\/2021\/11\/DSC00225-300x225.jpg 300w, https:\/\/www.iglika-christova.com\/v2\/wp-content\/uploads\/2021\/11\/DSC00225-768x577.jpg 768w\" sizes=\"(max-width: 311px) 100vw, 311px\" \/><\/p>\n<p><span style=\"color: #000000;\"><strong><i>Micro-th\u00e9rpaies<\/i><\/strong><\/span><\/p>\n<p><span style=\"color: #000000;\"><b style=\"color: #000000;\">Installation de dessins et performances <\/b><b style=\"color: #000000;\">micro-th\u00e9rapeutiques \u00e0 partir de la libre <\/b><b>interpr\u00e9tation<\/b><b style=\"color: #000000;\"> d&rsquo;images de microscopie\u00a0 jusqu&rsquo;au <span style=\"color: #808000;\">12.11.2021.<\/span><\/b><\/span><\/p>\n<p style=\"text-align: justify;\"><span style=\"color: #000000;\"><strong>Arosita Gallery<\/strong><\/span><br \/>\n<span style=\"color: #000000;\">12B Vrabcha, 1000 Sofia<\/span><br \/>\n<span style=\"color: #000000;\"><a style=\"color: #000000;\" href=\"http:\/\/www.arosita.info\" target=\"_blank\" rel=\"noopener noreferrer\">http:\/\/www.arosita.info<\/a><\/span><\/p>\n<p><span style=\"color: #808000;\"><b style=\"font-size: inherit;\">_________________________________________________________________________________________________________________________________<\/b><\/span><\/p>\n<p>Entretien le <span style=\"color: #808000;\"><strong>10.11.21<\/strong><\/span> \u00e0 la Radio nationale bulgare (BNR) avec Carmen Manukyan dans le cade de \u201e\u041d\u043e\u0449\u0435\u043d \u0425\u043e\u0440\u0438\u0437\u043e\u043d\u0442\u201c (<em>Horizont<\/em>) \u00e0 partir de 00:30 jusqu&rsquo;\u00e0 2:00. \/ <a href=\"https:\/\/radiovolna.net\/fr\/484-bnr-horizont-sofiya-bolgariya.html\" target=\"_blank\" rel=\"noopener noreferrer\">\u00c9couter la\u00a0<em>radio<\/em>\u00a0BNR\u00a0<em>Horizont <\/em>(Bulgarie Sofia)\u00a0<em>103<\/em> FM \u27a5 en direct en ligne.<\/a><\/p>\n<p style=\"text-align: justify;\"><span style=\"color: #808000;\">_<b>________________________________________________________________________________________________________________<\/b><\/span><\/p>\n<ul>\n<li><a href=\"https:\/\/omni.artshebdomedias.com\/\">OMNI<\/a> | pr\u00e9sence<\/li>\n<li>le premier live d\u2019ArtsHebdoM\u00e9dias du mercredi 16 au samedi 19 d\u00e9cembre sur <a href=\"https:\/\/www.facebook.com\/artshebdomedias\">Facebook<\/a> et au 24Beaubourg<\/li>\n<\/ul>\n<p><strong><span style=\"color: #808000;\">&#8212;&#8211;)<\/span> <span style=\"color: #808000;\">mercredi 16 d\u00e9cembre 2021<\/span> : <\/strong><strong>l\u2019\u0153uvre, productrice de parole(s)<\/strong><\/p>\n<p><strong>18 h-19 h \/ L\u2019art, un exc\u00e9dent de communication <\/strong><\/p>\n<p>Pour \u00e9voluer, l\u2019humain doit communiquer et pour cela il a d\u00e9velopp\u00e9 une capacit\u00e9 que les animaux n\u2019ont pas : il parle. Le d\u00e9velop-pement de cette communication orale a donn\u00e9 lieu \u00e0 une multiplication de langues aux vocabulaire, grammaire et esprit diff\u00e9rents. Cette sophistication du langage n\u2019a pas pour autant supprim\u00e9 les autres modes de communication et d\u2019\u00e9change. Tout ne passe pas par la verbalisation, bien au contraire. Dans ce contexte, le professeur de neurosciences \u00e0 l\u2019Universit\u00e9 de Dijon, Thierry Pozzo, animera une conversation entour\u00e9e des artistes Rebecca Bournigault, Iglika Christova, Claire Fanjul, Alain Nahum et Fran\u00e7ois R\u00e9au, qui s\u2019attachera \u00e0 la capacit\u00e9 de communication de l\u2019\u0153uvre d\u2019art. L\u2019\u0153uvre se tient-elle comme la parole entre langue et langage ?<\/p>\n<p><strong><span style=\"color: #808000;\">&#8212;&#8211;) vendredi 18 d\u00e9cembre 2021<\/span> : quand l\u2019\u0153uvre parle de la nature<\/strong><\/p>\n<p><strong>17 h 30-18 h \/ Quand les imaginaires dialoguent avec l\u2019\u00e9chelle <\/strong><\/p>\n<p>Depuis les premi\u00e8res observations au microscope jusqu\u2019aux explorations actuelles du nano-monde, l\u2019acc\u00e8s au microcosme des mati\u00e8res anim\u00e9es influencent les imaginaires artistiques et litt\u00e9raires. Cette discussion entre l\u2019artiste plasticienne Iglika Christova et le galeriste-\u00e9diteur Christian Berst sera l\u2019occasion de (re)questionner l\u2019ancienne intuition des cultures ancestrales autour de la correspondance entre le microcosme et le macrocosme. Comment les imaginaires artistiques peuvent rendre perceptible cette correspondance entre l\u2019infiniment petit et l\u2019infiniment grand ?<\/p>\n<p><span style=\"color: #808000;\"><b style=\"font-size: inherit;\">_________________________________________________________________________________________________________________________________<\/b><\/span><\/p>\n<p><span style=\"color: #000000;\"><strong style=\"font-size: inherit;\">Les plantes ont-elles une m\u00e9moire ?<\/strong><span style=\"font-size: inherit;\"> Rencontre organis\u00e9e par la Bpi &#8211; Biblioth\u00e8que publique d&rsquo;information du Centre Pompidou sur le th\u00e8me de \u00ab L&rsquo;intelligence des plantes \u00bb.<\/span><b><\/b><\/span><\/p>\n<p><span style=\"color: #000000;\">Rendez-vous le <strong>9 mars 2020 \u00e0 19h<\/strong><\/span><\/p>\n<p><span style=\"color: #000000;\"><strong>Lien vid\u00e9o de la rencontre : <a style=\"color: #000000;\" href=\"https:\/\/youtu.be\/nUoXezMYloc\">https:\/\/youtu.be\/nUoXezMYloc<\/a><\/strong><\/span><\/p>\n<div><span style=\"color: #000000;\"><strong>Centre Pompidou<\/strong><\/span><\/div>\n<div><span style=\"color: #000000;\">Niveau -1<\/span><\/div>\n<div><span style=\"color: #000000;\">Entr\u00e9e rue du Renard<\/span><\/div>\n<div><span style=\"color: #000000;\">75004 Paris<\/span><\/div>\n<div><span style=\"color: #808000;\">_<b>________________________________________________________________________________________________________________<\/b><\/span><\/div>\n<p><span style=\"color: #000000;\"><b>VIVANT V\u00c9GETAL\u00a0<\/b><\/span><br clear=\"none\" \/><span style=\"color: #000000;\">Parcours d\u2019art contemporain au <strong>Parc et Maison de l\u2019environnement de la communaut\u00e9 d\u2019agglom\u00e9ration Val d\u2019Yerres-Val de Seine<\/strong><\/span><\/p>\n<p><span style=\"color: #000000;\">Exposition collective <span style=\"color: #808000;\">&#8211; <strong>&#8212;) <\/strong><strong>mai 2021<\/strong><\/span><\/span><\/p>\n<p><span style=\"color: #000000;\">Artistes :<\/span><br clear=\"none\" \/><span style=\"color: #000000;\">Elisabeth AMBLARD, Vincent BALMES, Iglika CHRISTOVA, Emmanuelle DERAMAIX, Agn\u00e8s FOIRET, Laurence GOSSART, Anne MARLANGEON, Sandrine MORSILLO, V\u00e9ronique VERSTRAETE, Catherine VOISON, Pascale WEBER, Diane WATTEAU<\/span><\/p>\n<div><span style=\"color: #000000;\">2, bis avenue de la R\u00e9publique 91230 MONTGERON<\/span><br clear=\"none\" \/><span style=\"color: #000000;\">Responsables du projet :<\/span><br clear=\"none\" \/><span style=\"color: #000000;\">Pablo CARRION et S\u00e9verine VALENTINI (MDE Val d\u2019Yerres-Val de Seine)<\/span><br clear=\"none\" \/><span style=\"color: #000000;\">Agn\u00e8s FOIRET-COLLET (Ecole des arts de la Sorbonne &#8211; Paris 1)<\/span><\/div>\n<p><span style=\"color: #808000;\">_________________________________________________________________________________________________________________________________<\/span><\/p>\n<p><span style=\"color: #000000;\"><b><img loading=\"lazy\" decoding=\"async\" class=\"alignleft  wp-image-2217\" src=\"https:\/\/www.iglikachristova.com\/v2\/wp-content\/uploads\/2018\/03\/Iglika-Christova_plasticienne_3.jpg\" alt=\"\" width=\"280\" height=\"110\" srcset=\"https:\/\/www.iglika-christova.com\/v2\/wp-content\/uploads\/2018\/03\/Iglika-Christova_plasticienne_3.jpg 935w, https:\/\/www.iglika-christova.com\/v2\/wp-content\/uploads\/2018\/03\/Iglika-Christova_plasticienne_3-300x118.jpg 300w, https:\/\/www.iglika-christova.com\/v2\/wp-content\/uploads\/2018\/03\/Iglika-Christova_plasticienne_3-480x189.jpg 480w\" sizes=\"(max-width: 280px) 100vw, 280px\" \/>ADN la cl\u00e9 de la vie <\/b><span style=\"color: #808000;\">&#8212;) \u00e9v\u00e9nement report\u00e9 (&#8212;<\/span><\/span><br clear=\"none\" \/><span style=\"color: #000000;\">Exposition collective \/ Artistes : Dominique Peysson et Iglika Christova<\/span><br clear=\"none\" \/><span style=\"color: #000000;\">Exposition en partenariat avec l&rsquo;association Science Ouverte<\/span><br clear=\"none\" \/><span style=\"color: #000000;\"><strong>Ch\u00e2teau de Ladoucette<\/strong><\/span><br clear=\"none\" \/><span style=\"color: #000000;\">Rue Ladoucette &#8211; 93700 Drancy<\/span><\/p>\n<p><span style=\"color: #808000;\">_________________________________________________________________________________________________________________________________<\/span><\/p>\n<p><span style=\"color: #000000;\"><b>La vie cach\u00e9e des arbres<\/b><\/span><\/p>\n<p><span style=\"color: #000000;\">Exposition personnelle en collaboration avec l\u2019\u00e9cophysiologiste v\u00e9g\u00e9tale Claire Damesin<\/span><\/p>\n<p><span style=\"color: #808000;\"><strong>Du 16 janvier au 16 mars 2020<\/strong><\/span><\/p>\n<p><span style=\"color: #000000;\"><strong>Th\u00e9\u00e2tre de la Cit\u00e9 Internationale<\/strong><\/span><br clear=\"none\" \/><span style=\"color: #000000;\">17 bd Jourdan, 75014 Paris<\/span><\/p>\n<p><span style=\"color: #808000;\">_________________________________________________________________________________________________________________________________<\/span><\/p>\n<p><span style=\"color: #000000;\"><strong><a style=\"color: #000000;\" href=\"https:\/\/www.iglikachristova.com\/v2\/wp-content\/uploads\/2014\/02\/IMG_20191104_231232_573.jpg\"><img loading=\"lazy\" decoding=\"async\" class=\"alignleft  wp-image-2477\" src=\"https:\/\/www.iglikachristova.com\/v2\/wp-content\/uploads\/2014\/02\/IMG_20191104_231232_573.jpg\" alt=\"IMG_20191104_231232_573\" width=\"323\" height=\"323\" srcset=\"https:\/\/www.iglika-christova.com\/v2\/wp-content\/uploads\/2014\/02\/IMG_20191104_231232_573.jpg 3456w, https:\/\/www.iglika-christova.com\/v2\/wp-content\/uploads\/2014\/02\/IMG_20191104_231232_573-150x150.jpg 150w, https:\/\/www.iglika-christova.com\/v2\/wp-content\/uploads\/2014\/02\/IMG_20191104_231232_573-300x300.jpg 300w, https:\/\/www.iglika-christova.com\/v2\/wp-content\/uploads\/2014\/02\/IMG_20191104_231232_573-1024x1024.jpg 1024w, https:\/\/www.iglika-christova.com\/v2\/wp-content\/uploads\/2014\/02\/IMG_20191104_231232_573-480x480.jpg 480w, https:\/\/www.iglika-christova.com\/v2\/wp-content\/uploads\/2014\/02\/IMG_20191104_231232_573-60x60.jpg 60w\" sizes=\"(max-width: 323px) 100vw, 323px\" \/><\/a>Festival CURIOSITas\u00a0 <span style=\"color: #808000;\">du 7 au 17 novembre 2019<\/span> \u00e0 l\u2019Espace Libert\u00e9, Massy.\u00a0<\/strong><\/span><\/p>\n<p><span style=\"color: #000000;\"><strong>Installation in situ\u00a0<i>\u00c0 l\u2019int\u00e9rieur de l\u2019arbre<\/i><\/strong><\/span><br \/>\n<span style=\"color: #000000;\">en collaboration avec Claire Damesin, \u00e9cophysiologiste v\u00e9g\u00e9tale du laboratoire Ecologie, Syst\u00e9matique et \u00c9volution (UPSud, CNRS, AgroParisTech).<\/span><\/p>\n<p style=\"text-align: justify;\"><span style=\"color: #000000;\"><em>\u00c0 l\u2019int\u00e9rieur de l\u2019arbre<\/em> est une plong\u00e9e dans l\u2019intimit\u00e9 cellulaire de plusieurs esp\u00e8ces d\u2019arbres. \u00c0 la fronti\u00e8re entre mati\u00e8re v\u00e9g\u00e9tale et dessins exp\u00e9rimentaux, ce projet r\u00e9v\u00e8le un dialogue ouvert entre l\u2019art et la biologie o\u00f9 s\u2019entrem\u00ealent images de microscopie, connaissances biologiques et imagination.\u00a0\u00a0<\/span><br clear=\"none\" \/><span style=\"color: #000000;\">Ce dialogue interdisciplinaire a permis l\u2019\u00e9mergence d\u2019une recherche commune, portant sur le lien entre vie interne de l\u2019arbre et l\u2019\u00eatre humain en tant que r\u00e9alit\u00e9 biologique dot\u00e9e de conscience. Au-del\u00e0 de ses utilisations multiples, l\u2019arbre d\u00e9ploie depuis toujours une grande force onirique. Lien entre la Terre et le Ciel, symbole pour l\u2019imaginaire m\u00e9dical jusqu\u2019au XVIIIe si\u00e8cle, lieu de connexion spirituelle ou mat\u00e9riel de construction, l\u2019histoire des arbres s\u2019entrem\u00eale \u00e0 celle de l\u2019humain. Mais qu\u2019en est-il \u00e0 l\u2019\u00e9chelle cellulaire\u00a0? Qu\u2019est-ce que l\u2019arbre nous d\u00e9voilera sur nous-m\u00eame dans son fonctionnement microscopique ?<\/span><\/p>\n<p><span style=\"color: #808000;\">_________________________________________________________________________________________________________________________________<\/span><\/p>\n<p><span style=\"color: #000000;\"><strong><a style=\"color: #000000;\" href=\"https:\/\/youtu.be\/cigBfgdnzU4\"><img loading=\"lazy\" decoding=\"async\" class=\"alignleft  wp-image-2479\" title=\"Entretien vid\u00e9o autour les consultations \u00ab micro-th\u00e9rapeutique \u00bb \" src=\"https:\/\/www.iglikachristova.com\/v2\/wp-content\/uploads\/2014\/02\/Capture-d\u2019\u00e9cran-2019-11-10-\u00e0-20.29.04.png\" alt=\"Iglika Christova\" width=\"366\" height=\"216\" srcset=\"https:\/\/www.iglika-christova.com\/v2\/wp-content\/uploads\/2014\/02\/Capture-d\u2019\u00e9cran-2019-11-10-\u00e0-20.29.04.png 1208w, https:\/\/www.iglika-christova.com\/v2\/wp-content\/uploads\/2014\/02\/Capture-d\u2019\u00e9cran-2019-11-10-\u00e0-20.29.04-300x177.png 300w, https:\/\/www.iglika-christova.com\/v2\/wp-content\/uploads\/2014\/02\/Capture-d\u2019\u00e9cran-2019-11-10-\u00e0-20.29.04-1024x606.png 1024w, https:\/\/www.iglika-christova.com\/v2\/wp-content\/uploads\/2014\/02\/Capture-d\u2019\u00e9cran-2019-11-10-\u00e0-20.29.04-480x284.png 480w\" sizes=\"(max-width: 366px) 100vw, 366px\" \/><\/a>Consultation \u00ab\u00a0micro-th\u00e9rapeutique \u00bb de 17:37 \u00e0 18:27\u00a0<\/strong><\/span><br \/>\n<span style=\"color: #000000;\"><strong><span style=\"color: #808000;\">le 10 octobre 2019<\/span> \u00e0 AgroParisTech dans le cadre du FESTIVAL VIVANT<\/strong><\/span><br \/>\n<span style=\"color: #000000;\">16, rue Claude Bernard &#8211; Paris 75005<\/span><\/p>\n<p style=\"text-align: justify;\"><span style=\"color: #000000;\">Cette consultation \u00ab\u00a0micro-th\u00e9rapeutique \u00bb proposera un jeu artistique inspir\u00e9 tant de la performance <i>Pharmacie de Fischer <\/i>(1974) de l\u2019artiste Herv\u00e9 Fischer que du c\u00e9l\u00e8bre test des taches d\u2019encre sym\u00e9triques du psychologue Hermann Rorschach. Donnant \u00e0 voir dix images de microscopie relatives au microcosme de diff\u00e9rentes mati\u00e8res vivantes, cette consultation entend proposer aux participants de r\u00e9pondre \u00e0 la question simple \u00ab\u00a0Que voyez-vous en premier ? \u00bb. Il s\u2019agira alors d\u2019interpr\u00e9ter librement les images de microscopie sans conna\u00eetre au pr\u00e9alable leur objet d\u2019\u00e9tude. \u00c0 l\u2019issue de chaque consultation sera d\u00e9livr\u00e9 un \u00ab\u00a0test\u00a0micro-th\u00e9rapeutique \u00bb relatif aux projections mentales du participant.<\/span><\/p>\n<p><span style=\"color: #808000;\">________________________________________________________________________________________<\/span><\/p>\n<div id=\"attachment_2461\" style=\"width: 352px\" class=\"wp-caption alignleft\"><a style=\"color: #000000;\" href=\"https:\/\/www.iglikachristova.com\/v2\/wp-content\/uploads\/2014\/02\/h2o_apatin.jpg\"><img loading=\"lazy\" decoding=\"async\" aria-describedby=\"caption-attachment-2461\" class=\" wp-image-2461  \" src=\"https:\/\/www.iglikachristova.com\/v2\/wp-content\/uploads\/2014\/02\/h2o_apatin.jpg\" alt=\"h2o_apatin\" width=\"342\" height=\"240\" srcset=\"https:\/\/www.iglika-christova.com\/v2\/wp-content\/uploads\/2014\/02\/h2o_apatin.jpg 5503w, https:\/\/www.iglika-christova.com\/v2\/wp-content\/uploads\/2014\/02\/h2o_apatin-300x210.jpg 300w, https:\/\/www.iglika-christova.com\/v2\/wp-content\/uploads\/2014\/02\/h2o_apatin-1024x718.jpg 1024w, https:\/\/www.iglika-christova.com\/v2\/wp-content\/uploads\/2014\/02\/h2o_apatin-480x336.jpg 480w\" sizes=\"(max-width: 342px) 100vw, 342px\" \/><\/a><p id=\"caption-attachment-2461\" class=\"wp-caption-text\"><span style=\"color: #000000;\">(c) Iglika Christova &#8211; Danube Dialoges 2019 &#8211; Galerie Meander, Apatin<\/span><\/p><\/div>\n<p><span style=\"color: #000000;\"><strong>Expositions collectives dans le cadre du\u00a0festival d&rsquo;art contemporain\u00a0<\/strong><\/span><br \/>\n<span style=\"color: #000000;\"><strong><i id=\"yiv1348078553yui_3_16_0_ym19_1_1557243116159_13457\">Danube Dialogues 2019<\/i><\/strong><\/span><\/p>\n<p><span style=\"color: #000000;\"><strong><span style=\"color: #808000;\">Septembre 2019<\/span> &#8211;<em> ART DIALOGUES ALONG THE DANUBE<\/em><\/strong><\/span><br \/>\n<span style=\"color: #000000;\"><strong>Mus\u00e9e de la Ville de Novi Sad (Dunavska 29, Novi Sad)<\/strong><\/span><br \/>\n<span style=\"color: #000000;\">Commissaire : Sava St\u00e9panov<\/span><\/p>\n<div id=\"attachment_2463\" style=\"width: 397px\" class=\"wp-caption alignright\"><a style=\"color: #000000;\" href=\"https:\/\/www.iglikachristova.com\/v2\/wp-content\/uploads\/2014\/02\/DSC_0660-copie.jpg\"><img loading=\"lazy\" decoding=\"async\" aria-describedby=\"caption-attachment-2463\" class=\"wp-image-2463 \" src=\"https:\/\/www.iglikachristova.com\/v2\/wp-content\/uploads\/2014\/02\/DSC_0660-copie.jpg\" alt=\"DSC_0660 copie\" width=\"387\" height=\"264\" srcset=\"https:\/\/www.iglika-christova.com\/v2\/wp-content\/uploads\/2014\/02\/DSC_0660-copie.jpg 5530w, https:\/\/www.iglika-christova.com\/v2\/wp-content\/uploads\/2014\/02\/DSC_0660-copie-300x204.jpg 300w, https:\/\/www.iglika-christova.com\/v2\/wp-content\/uploads\/2014\/02\/DSC_0660-copie-1024x697.jpg 1024w, https:\/\/www.iglika-christova.com\/v2\/wp-content\/uploads\/2014\/02\/DSC_0660-copie-480x326.jpg 480w\" sizes=\"(max-width: 387px) 100vw, 387px\" \/><\/a><p id=\"caption-attachment-2463\" class=\"wp-caption-text\"><span style=\"color: #000000;\">(c) Iglika Christova &#8211; Danube Dialoges 2019 &#8211; Galerie Meander, Apatin<\/span><\/p><\/div>\n<p><span style=\"color: #000000;\">Artistes :\u00a0Ana Adam, Vladimir Frelih, Patricija Gilyte, \u00a0Iglika Christova, Kramar, Pavlo Makov, \u00a0Ghenadie Popescu, Rudolf Sikora, Makkai Marta, Andrea Ruttka, Szil\u00e1gyi Andrea, Fekete Nora, Eszter S\u00f6ptei, Villo Steiner, Rado\u0161 Antonijevi\u0107, Danica Bi\u0107ani\u0107, Goran Despotovski, Danica Jev\u0111ovi\u0107, Branimir Karanovi\u0107, Nikola Majdak Jr, Lazar Markovi\u0107, Dragan Mati\u0107, Ana Nedeljkovi\u0107, Nemanja Nikoli\u0107, Ivana Tomanovi\u0107, \u010cedomir Vasi\u0107, Bosiljka Zirojevi\u0107 Le\u010di\u0107<\/span><\/p>\n<p><span style=\"color: #000000;\"><span style=\"color: #808000;\"><b>Ao\u00fbt 2019<\/b><\/span><em><b> &#8211; ART DIALOGUES ALONG THE DANUBE: FROM APATIN TO KLADOVO<\/b><\/em><\/span><br \/>\n<span style=\"color: #000000;\"><strong>Gallery Meander, Apatin<\/strong><\/span><br \/>\n<span style=\"color: #000000;\">Commissaire : Sava St\u00e9panov<\/span><br \/>\n<span style=\"color: #000000;\">Artistes : Iglika Christova et Ivana Tomanovi\u0107<\/span><\/p>\n<p><span style=\"color: #808000;\">_________________________________________________________________________________________________________________________________<\/span><\/p>\n<p><span style=\"color: #000000;\"><i id=\"yiv1348078553yui_3_16_0_ym19_1_1557243116159_13457\">E-Nuclear<\/i><\/span><\/p>\n<p><span style=\"color: #808000;\"><strong>Exposition collective d<\/strong><strong>u 16\/05\/19 au 15\/06\/19<\/strong><strong>\u00a0<\/strong><\/span><br \/>\n<span style=\"color: #000000;\"><strong>Vernissage le\u00a0vendredi 16 mai 2019 \u00e0 partir de 18 h 30<\/strong><\/span><\/p>\n<p><span style=\"color: #000000;\"><strong>Galerie Di\u00e8se 22<\/strong><\/span><br \/>\n<span style=\"color: #000000;\"><strong>22, rue des Vertus, 75003 Paris\u00a0<\/strong><\/span><br \/>\n<span style=\"color: #000000;\"><strong>Ouverture du mercredi au samedi de 14h30 \u00e0 19h30<\/strong><a style=\"color: #000000;\" href=\"http:\/\/www.galeriediese22.com\/fr\/accueil.html\" target=\"_blank\" rel=\"noopener noreferrer\"><br \/>\n<\/a><\/span><\/p>\n<div id=\"yiv1348078553yui_3_16_0_ym19_1_1557243116159_13495\">\n<div id=\"yui_3_16_0_ym19_1_1557489262066_23525\">\n<div id=\"yiv1348078553yui_3_16_0_ym19_1_1557243116159_13495\">\n<div id=\"yui_3_16_0_ym19_1_1557489262066_23525\"><span style=\"color: #000000;\">Artistes : Iglika Christova, Mihai Grecu, Laura &amp; Ricardo Nillni,<\/span><\/div>\n<\/div>\n<div id=\"yiv1348078553yui_3_16_0_ym19_1_1557243116159_13495\">\n<div id=\"yui_3_16_0_ym19_1_1557489262066_23534\"><span style=\"color: #000000;\">Ax\u00ebl Kriloff, Julie Sthorez, C\u00e9line Lastennet, Sami Benhadj Djilali<\/span><\/div>\n<div><\/div>\n<\/div>\n<\/div>\n<\/div>\n<div id=\"yiv1348078553yui_3_16_0_ym19_1_1557243116159_13495\">\n<div><span style=\"color: #000000;\"><span style=\"color: #808000;\">_________________________________________________________________________________________________________________________________<\/span><\/span><\/div>\n<div><\/div>\n<div><\/div>\n<\/div>\n<div id=\"attachment_2483\" style=\"width: 348px\" class=\"wp-caption alignleft\"><a style=\"color: #000000;\" href=\"https:\/\/youtu.be\/sfeLGwxA9HI\"><img loading=\"lazy\" decoding=\"async\" aria-describedby=\"caption-attachment-2483\" class=\" wp-image-2483   \" src=\"https:\/\/www.iglikachristova.com\/v2\/wp-content\/uploads\/2014\/02\/IMG_9451.jpg\" alt=\"IMG_9451\" width=\"338\" height=\"225\" srcset=\"https:\/\/www.iglika-christova.com\/v2\/wp-content\/uploads\/2014\/02\/IMG_9451.jpg 4752w, https:\/\/www.iglika-christova.com\/v2\/wp-content\/uploads\/2014\/02\/IMG_9451-300x200.jpg 300w, https:\/\/www.iglika-christova.com\/v2\/wp-content\/uploads\/2014\/02\/IMG_9451-1024x682.jpg 1024w, https:\/\/www.iglika-christova.com\/v2\/wp-content\/uploads\/2014\/02\/IMG_9451-480x320.jpg 480w\" sizes=\"(max-width: 338px) 100vw, 338px\" \/><\/a><p id=\"caption-attachment-2483\" class=\"wp-caption-text\"><span style=\"color: #000000;\">Captation vid\u00e9o de l&rsquo;exposition <em>\u00c0 l&rsquo;int\u00e9rieur de l&rsquo;arbre<\/em> (c) Arosita Gallery<\/span><\/p><\/div>\n<p><span style=\"color: #000000;\"><strong><i>\u00c0 l&rsquo;int\u00e9rieur de l&rsquo;arbre<\/i><\/strong><\/span><\/p>\n<p><span style=\"color: #000000;\"><strong>Exposition individuelle en collaboration avec la biologiste\u00a0Claire Damesin et\u00a0La Diagonale Paris-Saclay<\/strong><\/span><\/p>\n<p><span style=\"color: #808000;\"><strong>Exposition du 22 mars au 4 avril 2019<\/strong><\/span><br \/>\n<span style=\"color: #000000;\"><strong>Vernissage le\u00a0vendredi 22 mars \u00e0 partir de 18 h 30<\/strong><\/span><\/p>\n<p style=\"text-align: justify;\"><span style=\"color: #000000;\">L&rsquo;exposition met en sc\u00e8ne un dialogue interdisciplinaire entre le sensible, l\u2019imaginaire et les connaissances scientifiques biologiques, afin de donner \u00e0 entrevoir les manifestations d\u2019un monde intime cach\u00e9 au sein du microcosme de l\u2019arbre.\u00a0Collaboration avec\u00a0la\u00a0microbiologiste\u00a0<strong>Rositsa Tashkova<\/strong> autour de l&rsquo;\u0153uvre \u00ab\u00a0vivante\u00a0\u00bb\u00a0<em><strong>Microstructure(s) N\u00b03<\/strong>, <\/em>cr\u00e9\u00e9e par l&rsquo;action des micro-organismes du sol.<\/span><\/p>\n<p style=\"text-align: justify;\"><span style=\"color: #000000;\"><strong>Arosita Gallery<\/strong><\/span><br \/>\n<span style=\"color: #000000;\">12B Vrabcha, 1000 Sofia<\/span><br \/>\n<span style=\"color: #000000;\"><a style=\"color: #000000;\" href=\"http:\/\/www.arosita.info\" target=\"_blank\" rel=\"noopener noreferrer\">http:\/\/www.arosita.info<\/a><\/span><\/p>\n<p><span style=\"color: #808000;\">_________________________________________________________________________________________________________________________________<\/span><\/p>\n<p><span style=\"color: #000000;\"><strong><i><a style=\"color: #000000;\" href=\"http:\/\/www.iglikachristova.com\/v2\/wp-content\/uploads\/2014\/02\/Iglika-Christova_PARCC_n26.jpg\"><img loading=\"lazy\" decoding=\"async\" class=\"alignleft  wp-image-2375\" src=\"http:\/\/www.iglikachristova.com\/v2\/wp-content\/uploads\/2014\/02\/Iglika-Christova_PARCC_n26.jpg\" alt=\"Iglika Christova_PARCC_n26\" width=\"372\" height=\"210\" srcset=\"https:\/\/www.iglika-christova.com\/v2\/wp-content\/uploads\/2014\/02\/Iglika-Christova_PARCC_n26.jpg 2048w, https:\/\/www.iglika-christova.com\/v2\/wp-content\/uploads\/2014\/02\/Iglika-Christova_PARCC_n26-300x168.jpg 300w, https:\/\/www.iglika-christova.com\/v2\/wp-content\/uploads\/2014\/02\/Iglika-Christova_PARCC_n26-1024x576.jpg 1024w, https:\/\/www.iglika-christova.com\/v2\/wp-content\/uploads\/2014\/02\/Iglika-Christova_PARCC_n26-480x270.jpg 480w\" sizes=\"(max-width: 372px) 100vw, 372px\" \/><\/a>Micro-po\u00e9tique<\/i><\/strong><\/span><br \/>\n<span style=\"color: #000000;\"><strong><i>Un dialogue entre le dessin et l\u2019image scientifique<\/i><\/strong><\/span><br \/>\n<span style=\"color: #000000;\"><strong>Installation <i>in situ <\/i>de treize \u0153uvres sur verre, 119 x 109 cm, 2018<\/strong><\/span><\/p>\n<p><span style=\"color: #000000;\"><strong>Inauguration de l\u2019\u0153uvre\u00a0<strong><i>Micro-po\u00e9tique\u00a0<\/i><\/strong><span style=\"color: #808000;\">le 19 octobre 2018<\/span><\/strong><\/span><br \/>\n<span style=\"color: #000000;\"><strong>\u00e0 partir de 17 h\u00a0au PARCC<\/strong><\/span><br \/>\n<span style=\"color: #000000;\"><strong>(Paris-Centre de Recherche Cardiovasculaire \u00e0 l\u2019H\u00f4pital Europ\u00e9en Georges-Pompidou)<\/strong><\/span><\/p>\n<p><span style=\"color: #000000;\">Paris &#8211; Cardiovascular Research<\/span><br \/>\n<span style=\"color: #000000;\">Center at HEGP; INSERM &#8211; U970<\/span><br \/>\n<span style=\"color: #000000;\">56, rue Leblanc\u00a0&#8211;\u00a075015 Paris<\/span><\/p>\n<p><span style=\"color: #808000;\">_________________________________________________________________________________________________________________________________<\/span><\/p>\n<p><span style=\"color: #000000;\"><strong><strong><a style=\"color: #000000;\" href=\"Pour plus d'information : http:\/\/www.paris-art.com\/iglika-christova-un-coup-de-genes\/  https:\/\/youtu.be\/lgWPOI97Gu8\"><img loading=\"lazy\" decoding=\"async\" class=\"alignleft  wp-image-2204\" src=\"http:\/\/www.iglikachristova.com\/v2\/wp-content\/uploads\/2014\/02\/P1030763.jpg\" alt=\"P1030763\" width=\"396\" height=\"276\" srcset=\"https:\/\/www.iglika-christova.com\/v2\/wp-content\/uploads\/2014\/02\/P1030763.jpg 787w, https:\/\/www.iglika-christova.com\/v2\/wp-content\/uploads\/2014\/02\/P1030763-300x208.jpg 300w, https:\/\/www.iglika-christova.com\/v2\/wp-content\/uploads\/2014\/02\/P1030763-480x333.jpg 480w\" sizes=\"(max-width: 396px) 100vw, 396px\" \/><\/a>\u00ab \u00a0<em>Un coup de G\u00c8NES jamais n&rsquo;abolira le hasard<\/em>\u00a0\u00bb<\/strong><\/strong><\/span><br \/>\n<span style=\"color: #808000;\"><strong>Exposition du 12 au 26 janvier 2018\u00a0<\/strong><\/span><br \/>\n<span style=\"color: #000000;\">Vernissage le\u00a0vendredi 11 janvier<\/span><br \/>\n<span style=\"color: #000000;\">PARCC &#8211; Paris-Centre de Recherche Cardiovasculaire<\/span><br \/>\n<span style=\"color: #000000;\">56, rue Leblanc &#8211; 75015<\/span><\/p>\n<p><span style=\"color: #000000;\">Pour plus d&rsquo;information :<\/span><br \/>\n<span style=\"color: #000000;\"><a style=\"color: #000000;\" href=\"http:\/\/www.paris-art.com\/iglika-christova-un-coup-de-genes\/\" target=\"_blank\" rel=\"noopener noreferrer\">http:\/\/www.paris-art.com\/iglika-christova-un-coup-de-genes\/\u00a0<\/a><\/span><\/p>\n<p><span style=\"color: #000000;\">Entretien vid\u00e9o autour de l&rsquo;exposition \u00a0:<\/span><br \/>\n<span style=\"color: #000000;\"><a style=\"color: #000000;\" title=\"Vid\u00e9o de l'exposition \u00ab Un coup de G\u00c8NES jamais n\u2019abolira le hasard \u00bb par Iglika Christova \" href=\"https:\/\/youtu.be\/lgWPOI97Gu8\">https:\/\/youtu.be\/lgWPOI97Gu8<\/a><\/span><\/p>\n<p><span style=\"color: #000000;\"><span style=\"color: #808000;\">_________________________________________________________________________________________________________________________________<\/span><a style=\"color: #000000;\" href=\"https:\/\/youtu.be\/lgWPOI97Gu8\"><br \/>\n<\/a><\/span><\/p>\n<p><span style=\"color: #000000;\"><strong><strong><img loading=\"lazy\" decoding=\"async\" class=\"alignleft  wp-image-2326\" src=\"https:\/\/www.iglikachristova.com\/v2\/wp-content\/uploads\/2014\/02\/KMB6678.jpg\" alt=\"\" width=\"383\" height=\"255\" srcset=\"https:\/\/www.iglika-christova.com\/v2\/wp-content\/uploads\/2014\/02\/KMB6678.jpg 1181w, https:\/\/www.iglika-christova.com\/v2\/wp-content\/uploads\/2014\/02\/KMB6678-300x200.jpg 300w, https:\/\/www.iglika-christova.com\/v2\/wp-content\/uploads\/2014\/02\/KMB6678-1024x683.jpg 1024w, https:\/\/www.iglika-christova.com\/v2\/wp-content\/uploads\/2014\/02\/KMB6678-480x320.jpg 480w\" sizes=\"(max-width: 383px) 100vw, 383px\" \/>\u00ab \u00a0<em>Un coup de G\u00c8NES jamais n&rsquo;abolira le hasard<\/em>\u00a0\u00bb<\/strong><\/strong><\/span><\/p>\n<p><span style=\"color: #000000;\"><strong>Exposition du vendredi 17 novembre \u00a0au dimanche 10 d\u00e9cembre 2017\u00a0<\/strong><strong><br \/>\n<\/strong>dans\u00a0le cadre du\u00a0festival\u00a0<a style=\"color: #000000;\" href=\"http:\/\/sciencedelart.fr\/\" target=\"_blank\" rel=\"noopener noreferrer\">La Science de l\u2019art<\/a>, organis\u00e9 par le\u00a0<a style=\"color: #000000;\" href=\"http:\/\/www.collectifculture91.com\/accueil\/\" target=\"_blank\" rel=\"noopener noreferrer\">Collectif Culture Essonne<\/a><\/span><\/p>\n<p><span style=\"color: #000000;\">Vernissage le\u00a0vendredi 17 novembre<\/span><br \/>\n<span style=\"color: #000000;\"><strong>Visite guid\u00e9e\/conf\u00e9rence le samedi 25 novembre \u00e0 17h30\u00a0<\/strong><\/span><br \/>\n<span style=\"color: #808000;\"><strong>Exposition du 17 novembre au 10 d\u00e9cembre<\/strong><\/span><br \/>\n<span style=\"color: #000000;\">mercredi et vendredi de 15h \u00e0 18h<\/span><br \/>\n<span style=\"color: #000000;\">samedi et dimanche de 15h \u00e0 19h<\/span><br \/>\n<span style=\"color: #000000;\"><a style=\"color: #000000;\" href=\"http:\/\/artshebdomedias.com\/annuaire\/orangerie-espace-tourliere\/\">Orangerie-Espace Tourli\u00e8re<\/a><\/span><br \/>\n<span style=\"color: #000000;\">66, rue d\u2019Estienne d\u2019Orves<\/span><br \/>\n<span style=\"color: #000000;\">91370 Verri\u00e8res-le-Buisson France<\/span><\/p>\n<p style=\"text-align: justify;\"><span style=\"color: #000000;\">Le projet\u00a0<em>Un coup de g\u00e8nes jamais n&rsquo;abolira le hasard<\/em>\u00a0est le fruit d\u2019une\u00a0collaboration avec la biologiste Paula Fontanilla. Il propose un dialogue entre le dessin et l&rsquo;image scientifique, interrogeant \u00e0 travers le prisme d\u2019un voir ensemble transdisciplinaire, la question des risques li\u00e9s \u00e0 la technique de transg\u00e9n\u00e8se v\u00e9g\u00e9tale. En effet, si aujourd&rsquo;hui le d\u00e9bat autour des risques, encore peu connus, que repr\u00e9sentent les OGM pour la sant\u00e9 humaine et l\u2019environnement est d&rsquo;actualit\u00e9, la grande diversit\u00e9 d&rsquo;opinions parmi les scientifiques ne permet pas d&rsquo;\u00e9tablir un r\u00e9el consensus. Ainsi, bien que les avantages de la technique de transg\u00e9n\u00e8se v\u00e9g\u00e9tale sont mesurables, celle-ci pose \u00e9galement des questions qui restent pour l\u2019instant en suspens. S&rsquo;interrogeant sur notre consommation d&rsquo;OGM ainsi que notre rapport au vivant, le geste artistique s\u2019articule entre autres autour d&rsquo;une exploration exp\u00e9rimentale des images de microscopie de Plantes G\u00e9n\u00e9tiquement Modifi\u00e9es (PGM) et\/ou de bio-pesticides (comme par exemple les toxines produites par la bact\u00e9rie <em>Bacillus thuringiensis<\/em>) utilis\u00e9s classiquement en agriculture.<\/span><\/p>\n<p><span style=\"color: #000000;\">Plus d\u2019informations sur\u00a0<a style=\"color: #000000;\" href=\"http:\/\/sciencedelart.fr\/portfolio\/iglika-christova\/\" target=\"_blank\" rel=\"noopener noreferrer\">http:\/\/sciencedelart.fr<\/a>.<\/span><br \/>\n<span style=\"color: #000000;\">Entretien vid\u00e9o autour de l&rsquo;exposition \u00a0:<\/span><br \/>\n<span style=\"color: #000000;\"><a style=\"color: #000000;\" title=\"Vid\u00e9o de l'exposition \u00ab Un coup de G\u00c8NES jamais n\u2019abolira le hasard \u00bb par Iglika Christova \" href=\"https:\/\/youtu.be\/lgWPOI97Gu8\">https:\/\/youtu.be\/lgWPOI97Gu8<\/a><\/span><\/p>\n<p><span style=\"color: #808000;\">_________________________________________________________________________________________________________________________________<\/span><\/p>\n<p><span style=\"color: #000000;\">Exposition personnelle\u00a0:\u00a0<strong>\u00ab MICRO-PO\u00c9TIQUE \u00bb<\/strong><\/span><br \/>\n<span style=\"color: #000000;\"><strong>Espace Jour et Nuit Culture<\/strong><\/span><br \/>\n<span style=\"color: #808000;\"><strong>Du 2 au 6 mai 2017<\/strong><\/span><br \/>\n<span style=\"color: #000000;\">Vernissage jeudi 4 mai \u00e0 17h<\/span><br \/>\n<span style=\"color: #000000;\">9 place Saint Michel \u00a075006 Paris &#8211;\u00a0<a style=\"color: #000000;\" href=\"https:\/\/www.jouretnuitculture.org\/cours-et-salles\" target=\"_blank\" rel=\"noopener noreferrer\">https:\/\/www.jouretnuitculture.org<\/a><\/span><\/p>\n<p style=\"text-align: justify;\"><span style=\"color: #000000;\">L\u2019exposition \u00ab MICRO-PO\u00c9TIQUE \u00bb interroge le monde omnipr\u00e9sent de l\u2019infiniment petit en tant que stimulus pour l\u2019imagination po\u00e9tique.\u00a0Poursuivant une \u00ab pollinisation \u00bb r\u00e9ciproque entre le dessin et le microcosme, il s&rsquo;agira de \u00ab charger \u00bb l\u2019image de microscopie par des significations, des intuitions, des interpr\u00e9tations po\u00e9tiques. Si pour Edouard Glissant \u00ab <em>Le po\u00e8me est une des matrices alchimiques du r\u00e9el.<\/em> \u00bb, cette exposition tente d\u2019appliquer cette m\u00eame d\u00e9finition, d\u2019une part, au dessin et, d\u2019autre part, \u00e0 la microscopie en tant qu\u2019outil \u00ab technique \u00bb de connaissance du r\u00e9el. A travers des exp\u00e9rimentations hybrides, le dessin investira toutes les parcelles spatio-temporelles de l\u2019oeuvre d\u2019art et sera envisag\u00e9 avant tout comme zone imaginaire interrogeant notre relation au microcosme. En d\u00e9laissant la mim\u00e8sis pour tendre vers une po\u00e9tique des images, le geste artistique cherche \u00e0 \u00ab capturer \u00bb les transformations continues de l\u2019infiniment petit.\u00a0Dans le parcours de l\u2019exposition \u00ab MICRO-PO\u00c9TIQUE \u00bb seront pr\u00e9sent\u00e9s entre autres deux nouvelles \u00e9tapes de l\u2019oeuvre \u00e9volutive \u00ab H2O \u00bb d\u00e9di\u00e9e \u00e0 l\u2019intimit\u00e9 cellulaire d\u2019une goutte d\u2019eau pr\u00e9lev\u00e9e du lac de Vincennes. R\u00e9alis\u00e9e en collaboration avec le biologiste Gilles Carpentier, cette \u0153uvre \u00e9volutive met l\u2019accent sur la pr\u00e9ciosit\u00e9 de l\u2019eau en tant que source de vie en d\u00e9voilant le changement des \u00e9cosyst\u00e8mes observ\u00e9s dans l\u2019\u00e9chantillon d\u2019eau pr\u00e9lev\u00e9.<\/span><\/p>\n<p style=\"text-align: center;\"><span style=\"color: #808000;\">_________________________________________________________________________________________________________________________________<\/span><\/p>\n<p><span style=\"color: #000000;\"><strong>Prix de Dessin Pierre David-Weill<\/strong><strong><br \/>\n<\/strong><a style=\"color: #000000;\" href=\"http:\/\/www.academiedesbeauxarts.fr\/prix\/description.php?id=4\" target=\"_blank\" rel=\"noopener noreferrer\">Exposition collective\u00a0des laur\u00e9ats et finalistes du Prix de Dessin Pierre David-Weill de l&rsquo;Academie des Beaux-Arts.<\/a><strong><br \/>\n<\/strong><strong>Du 16 au 26 mars 2017 au Palais de l&rsquo;Institut de France.<\/strong><strong><br \/>\n<\/strong><a style=\"color: #000000;\" href=\"http:\/\/www.academiedesbeauxarts.fr\/prix\/description.php?id=4\" target=\"_blank\" rel=\"noopener noreferrer\">http:\/\/www.academiedesbeauxarts.fr <\/a><\/span><\/p>\n<p><span style=\"color: #808000;\">_________________________________________________________________________________________________________________________________<\/span><\/p>\n<p><span style=\"color: #000000;\">Exposition\u00a0<strong><em>H2O\u00a0<\/em><\/strong><\/span><br \/>\n<span style=\"color: #000000;\"><em>D\u00e9voilement de l\u2019intimit\u00e9 cellulaire d\u2019une goutte d\u2019eau<\/em><\/span><br \/>\n<span style=\"color: #000000;\"><strong>Galerie Graphem<\/strong><\/span><br \/>\n<span style=\"color: #000000;\"><strong>Du 5 au 28 janvier 2017<\/strong><\/span><br \/>\n<span style=\"color: #000000;\">68 rue de Charenton 75012 Paris &#8211; <a style=\"color: #000000;\" href=\"http:\/\/www.galerie-graphem.com\" target=\"_blank\" rel=\"noopener noreferrer\">www.galerie-graphem.com<\/a><\/span><\/p>\n<p style=\"text-align: justify;\"><span style=\"color: #000000;\"><a style=\"color: #000000;\" href=\"http:\/\/www.iglikachristova.com\/v2\/wp-content\/uploads\/2014\/02\/H2O_Iglika-Christova_vue-exposition.jpg\"><img loading=\"lazy\" decoding=\"async\" class=\" wp-image-1986 alignleft\" src=\"http:\/\/www.iglikachristova.com\/v2\/wp-content\/uploads\/2014\/02\/H2O_Iglika-Christova_vue-exposition.jpg\" alt=\"_H2O_Iglika Christova_vue exposition\" width=\"491\" height=\"326\" srcset=\"https:\/\/www.iglika-christova.com\/v2\/wp-content\/uploads\/2014\/02\/H2O_Iglika-Christova_vue-exposition.jpg 787w, https:\/\/www.iglika-christova.com\/v2\/wp-content\/uploads\/2014\/02\/H2O_Iglika-Christova_vue-exposition-300x199.jpg 300w, https:\/\/www.iglika-christova.com\/v2\/wp-content\/uploads\/2014\/02\/H2O_Iglika-Christova_vue-exposition-480x319.jpg 480w\" sizes=\"(max-width: 491px) 100vw, 491px\" \/><\/a>Lab\u00e9llis\u00e9e par la COP22 et \u00e9labor\u00e9e en collaboration avec le biologiste <a style=\"color: #000000;\" href=\"http:\/\/image.bio.methods.free.fr\/ImageJ\/?About-the-Author&amp;lang=en\" target=\"_blank\" rel=\"noopener noreferrer\">Gilles Carpentier<\/a> l\u2019exposition <i>H2O<\/i> met en sc\u00e8ne l\u2019intimit\u00e9 cellulaire d\u2019une goutte d\u2019eau pr\u00e9lev\u00e9e du lac de Vincennes. Dans cette exploration transversale de l\u2019infiniment petit, le dessin s\u2019emploie \u00e0 \u00ab po\u00e9tiser \u00bb l\u2019image de microscopie l\u2019extrayant de son contexte scientifique initial afin de l\u2019appr\u00e9hender comme image \u00ab\u00a0existentielle\u00a0\u00bb universelle et r\u00e9cit intime interrogeant notre rapport \u00e0 la nature en tant qu\u2019organisme vivant dont l\u2019\u00e9quilibre est souvent menac\u00e9 par les activit\u00e9s humaines. Se greffant sur les images de microscopie d\u2019une goutte d\u2019eau d\u00e9voilant un bouillonnement \u00e9tonnant de vie \u00e0 travers toute une faune de micro-organismes, le dessin s\u2019articulera autour de situations visuelles o\u00f9 l\u2019espace d\u2019exposition est appr\u00e9hend\u00e9 comme un terrain de jeu pour l\u2019immersion du spectateur dans le monde du microcosme. Dans le contexte actuel de changement climatique qui semble avoir des r\u00e9percutions sur la disponibilit\u00e9 et la r\u00e9partition des ressources en eau, ce dialogue transversal entre le geste artistique et l\u2019image scientifique met l\u2019accent sur la pr\u00e9ciosit\u00e9 de cet \u00e9l\u00e9ment vital\u2026<\/span><\/p>\n<p style=\"text-align: justify;\"><span style=\"color: #000000;\"><a style=\"color: #000000;\" href=\"https:\/\/youtu.be\/Pbe-LEs0nvA\" target=\"_blank\" rel=\"noopener noreferrer\">Interview &#8211; Iglika Christova \/\u00a0<i>H2O\u00a0<\/i>&#8211; Exposition du 5 au 28 janvier 2017 &#8211; Galerie Graphem<\/a><\/span><\/p>\n","protected":false},"excerpt":{"rendered":"<p>ACTUALIT\u00c9\u00a0 MICRO-COSMOS | EXPOSITION PERSONELLE\u00a0 | Du 2 au 20 octobre 2023 | Vernissage 2 oct. \u00e0 partir de 19 h | Commissariat : Marie-Laure Desjardins\u00a0 \u00a0Patronage la\u00efque Jules Vall\u00e8s\u00a0 | Entr\u00e9e libre, 72 Av. F\u00e9lix Faure, 75015 Paris, France _______________________________________________________________________________________________________________________________ GATEWAY I\u00a0 | EXHIBITION COLLECTIVE | 20 juillet \u2013 30 ao\u00fbt 2023\u00a0 \u00a0\u00a0\u00a0 \u00a0 [&hellip;]<\/p>\n","protected":false},"author":1,"featured_media":0,"parent":0,"menu_order":0,"comment_status":"open","ping_status":"open","template":"","meta":{"footnotes":""},"class_list":["post-208","page","type-page","status-publish","hentry"],"_links":{"self":[{"href":"https:\/\/www.iglika-christova.com\/v2\/index.php?rest_route=\/wp\/v2\/pages\/208"}],"collection":[{"href":"https:\/\/www.iglika-christova.com\/v2\/index.php?rest_route=\/wp\/v2\/pages"}],"about":[{"href":"https:\/\/www.iglika-christova.com\/v2\/index.php?rest_route=\/wp\/v2\/types\/page"}],"author":[{"embeddable":true,"href":"https:\/\/www.iglika-christova.com\/v2\/index.php?rest_route=\/wp\/v2\/users\/1"}],"replies":[{"embeddable":true,"href":"https:\/\/www.iglika-christova.com\/v2\/index.php?rest_route=%2Fwp%2Fv2%2Fcomments&post=208"}],"version-history":[{"count":539,"href":"https:\/\/www.iglika-christova.com\/v2\/index.php?rest_route=\/wp\/v2\/pages\/208\/revisions"}],"predecessor-version":[{"id":2771,"href":"https:\/\/www.iglika-christova.com\/v2\/index.php?rest_route=\/wp\/v2\/pages\/208\/revisions\/2771"}],"wp:attachment":[{"href":"https:\/\/www.iglika-christova.com\/v2\/index.php?rest_route=%2Fwp%2Fv2%2Fmedia&parent=208"}],"curies":[{"name":"wp","href":"https:\/\/api.w.org\/{rel}","templated":true}]}}